{"id":395,"date":"2018-12-21T15:56:25","date_gmt":"2018-12-21T15:56:25","guid":{"rendered":"http:\/\/tisenti-2018.nakami.de\/?page_id=395"},"modified":"2019-11-20T11:01:45","modified_gmt":"2019-11-20T10:01:45","slug":"villasimius","status":"publish","type":"page","link":"https:\/\/www.tisenti.com\/it\/luoghi\/villasimius","title":{"rendered":"Villasimius"},"content":{"rendered":"\n<div class=\"wp-block-grid-blocks-grid-block-container grid-x grid-margin-x grid-margin-y content-grid\">\n<div class=\"wp-block-grid-blocks-grid-block-column cell panel small-12 medium-12 large-12 null grid-padding-y\">\n<p class=\"has-medium-font-size\">Villasimius &#8211; il piccolo villaggio dei pescatori di un tempo ormai \u00e8 diventato un vero fiore all\u2019occhielle negli ultimi anni. La posizione geografica eccezionale unisce e collega la costa orientale con la costa meridionale. Ed \u00e8 qui tutto quello che rende la Sardegna cos\u00ec unica: scogliere frastagliate, lunghe insenature sabbiose e piccole aree balneari molto nascoste, sempre incorniciate dall\u2019acqua limpida e cristallina del mare.<\/p>\n<\/div>\n\n\n\n<div class=\"wp-block-grid-blocks-grid-block-column cell panel small-12 medium-6 large-6 null grid-padding-y\">\n<figure class=\"wp-block-gallery columns-2 is-cropped wp-block-gallery-1 is-layout-flex wp-block-gallery-is-layout-flex\"><ul class=\"blocks-gallery-grid\"><li class=\"blocks-gallery-item\"><figure><img loading=\"lazy\" decoding=\"async\" width=\"300\" height=\"600\" src=\"https:\/\/www.tisenti.com\/de\/wp-content\/uploads\/sites\/2\/2019\/08\/villasimius.png\" alt=\"\" data-id=\"2802\" data-link=\"https:\/\/www.tisenti.com\/de\/villasimius-2\/\" class=\"wp-image-2802\" srcset=\"https:\/\/www.tisenti.com\/it\/wp-content\/uploads\/sites\/2\/2019\/08\/villasimius.png 300w, https:\/\/www.tisenti.com\/it\/wp-content\/uploads\/sites\/2\/2019\/08\/villasimius-150x300.png 150w\" sizes=\"auto, (max-width: 300px) 100vw, 300px\" \/><\/figure><\/li><li class=\"blocks-gallery-item\"><figure><img loading=\"lazy\" decoding=\"async\" width=\"300\" height=\"600\" src=\"https:\/\/www.tisenti.com\/de\/wp-content\/uploads\/sites\/2\/2019\/01\/villasimius-hk.ll_-1.png\" alt=\"\" data-id=\"857\" data-link=\"https:\/\/www.tisenti.com\/de\/villasimius-hk-ll\/\" class=\"wp-image-857\" srcset=\"https:\/\/www.tisenti.com\/it\/wp-content\/uploads\/sites\/2\/2019\/01\/villasimius-hk.ll_-1.png 300w, https:\/\/www.tisenti.com\/it\/wp-content\/uploads\/sites\/2\/2019\/01\/villasimius-hk.ll_-1-150x300.png 150w\" sizes=\"auto, (max-width: 300px) 100vw, 300px\" \/><\/figure><\/li><\/ul><\/figure>\n\n\n\n<h3 class=\"tisenti-header-font tisenti-title wp-block-heading\">Il Jolly \u00e8 la variet\u00e0<\/h3>\n\n\n\n<p>Chi ama le vacanze a Villasimius, ama la variet\u00e0. Molti anni fa, l\u2019intelligente gestione del luogo ha compreso che solo con un turismo di qualit\u00e0 e durevole poteva portare al pieno sviluppo il potenziale naturale dell\u2019area.<br>E cos\u00ec \u00e8 stato deciso di creare un\u2019infrastruttura che attiri anche turisti esigenti e solvibili.<br>Inoltre, Villasimius ha una variet\u00e0 di ottimi ristoranti, che sono per lo pi\u00f9 gestioni familiari. Quindi troverete tutto l\u2019anno le migliori condizioni per trascorrere giornate rillassate e piacevoli.<br>Il centro storico \u00e8 di origine molto antica e d\u00e0 ancora un\u2019idea di quello che un tempo era l\u2019antico villaggio dei pescatori nel sud-est della Sardegna. Intorno alla piazza, oggi si sono stabiliti ristoranti e caff\u00e8. D\u2019estate, la strada del villagio diventa una zona pedonale, formando un punto d\u2019incontro serale per la gente del posto e per i vacanzieri.<\/p>\n\n\n\n<div style=\"height:20px\" aria-hidden=\"true\" class=\"wp-block-spacer\"><\/div>\n\n\n\n<figure class=\"wp-block-gallery columns-1 is-cropped wp-block-gallery-2 is-layout-flex wp-block-gallery-is-layout-flex\"><ul class=\"blocks-gallery-grid\"><li class=\"blocks-gallery-item\"><figure><img loading=\"lazy\" decoding=\"async\" width=\"589\" height=\"220\" src=\"https:\/\/www.tisenti.com\/it\/wp-content\/uploads\/sites\/2\/2019\/01\/villa_mg_9747-1.jpg\" alt=\"\" data-id=\"845\" data-link=\"https:\/\/www.tisenti.com\/de\/villa_mg_9747\/\" class=\"wp-image-845\" srcset=\"https:\/\/www.tisenti.com\/it\/wp-content\/uploads\/sites\/2\/2019\/01\/villa_mg_9747-1.jpg 589w, https:\/\/www.tisenti.com\/it\/wp-content\/uploads\/sites\/2\/2019\/01\/villa_mg_9747-1-300x112.jpg 300w\" sizes=\"auto, (max-width: 589px) 100vw, 589px\" \/><\/figure><\/li><li class=\"blocks-gallery-item\"><figure><img loading=\"lazy\" decoding=\"async\" width=\"1024\" height=\"299\" src=\"https:\/\/www.tisenti.com\/it\/wp-content\/uploads\/sites\/2\/2019\/08\/mg_4064.l-1024x299.jpg\" alt=\"\" data-id=\"2918\" data-link=\"https:\/\/www.tisenti.com\/de\/_mg_4064-l\/\" class=\"wp-image-2918\" srcset=\"https:\/\/www.tisenti.com\/it\/wp-content\/uploads\/sites\/2\/2019\/08\/mg_4064.l-1024x299.jpg 1024w, https:\/\/www.tisenti.com\/it\/wp-content\/uploads\/sites\/2\/2019\/08\/mg_4064.l-300x88.jpg 300w, https:\/\/www.tisenti.com\/it\/wp-content\/uploads\/sites\/2\/2019\/08\/mg_4064.l-768x224.jpg 768w, https:\/\/www.tisenti.com\/it\/wp-content\/uploads\/sites\/2\/2019\/08\/mg_4064.l.jpg 1200w\" sizes=\"auto, (max-width: 1024px) 100vw, 1024px\" \/><\/figure><\/li><\/ul><\/figure>\n\n\n\n<p><\/p>\n<\/div>\n\n\n\n<div class=\"wp-block-grid-blocks-grid-block-column cell panel small-12 medium-6 large-6 null grid-padding-y\">\n<h3 class=\"tisenti-header-font tisenti-title wp-block-heading\">Porto turistico e campo da golf<\/h3>\n\n\n\n<p>Molti dei vecchi fan della Costa Smeralda si sono orientati verso il sud dell\u2019isola. E quindi non sorprende che Villasimius sia diventata il centro di un mondo un po\u2019 pi\u00f9 sofisticato, a cause delle sue strutture locali cresiute e della sua bellezza naturale.<br>Per essere all\u2019altezza della nuova clientela, fu creato un porto turistico molto chic e un campo da golf a 18 buche, che serve al fascino e l\u2019immagine di Villasimius.<br>Ovviamente, Villasimius offre qualcosa anche per il portafoglio normale. Anche se non basta per uno yacht personale, vale la pena visitare il porto. Un\u2019escursione in barca a vela o uno spuntino delizioso nei ristoranti al porto meritano sempre una visita.<\/p>\n\n\n\n<div style=\"height:20px\" aria-hidden=\"true\" class=\"wp-block-spacer\"><\/div>\n\n\n\n<h3 class=\"tisenti-header-font tisenti-title wp-block-heading\">Spiagge e calette<\/h3>\n\n\n\n<p>Lontano dalle strade di accesso alle grandi e lunghe spiagge del villaggio, ci sono innummerevoli piccole strade che portano a innumerevoli piccole baie.<br>Chi ama rillasarsi in lunghe passeggiate sulla spiaggia, amer\u00e0 le splendide spiagge sabbiose di Capo Carbonara e Campulongu. A chi invece piace un po\u2019pi\u00f9 solo, dovrebbe fare un viaggio d\u2019esplorazione e andare a \u201ecaso\u201c in una delle piccole strade sterrate verso l\u2019acqua. Tutto ci\u00f2 che troverete \u00e8 affascinante e bellissimo!<\/p>\n\n\n\n<div style=\"height:20px\" aria-hidden=\"true\" class=\"wp-block-spacer\"><\/div>\n\n\n\n<figure class=\"wp-block-gallery columns-1 is-cropped wp-block-gallery-3 is-layout-flex wp-block-gallery-is-layout-flex\"><ul class=\"blocks-gallery-grid\"><li class=\"blocks-gallery-item\"><figure><img loading=\"lazy\" decoding=\"async\" width=\"600\" height=\"300\" src=\"\/wp-content\/uploads\/sites\/2\/2019\/01\/villasimius-v-1.png\" alt=\"\" data-id=\"855\" class=\"wp-image-855\" srcset=\"https:\/\/www.tisenti.com\/it\/wp-content\/uploads\/sites\/2\/2019\/01\/villasimius-v-1.png 600w, https:\/\/www.tisenti.com\/it\/wp-content\/uploads\/sites\/2\/2019\/01\/villasimius-v-1-300x150.png 300w\" sizes=\"auto, (max-width: 600px) 100vw, 600px\" \/><\/figure><\/li><li class=\"blocks-gallery-item\"><figure><img loading=\"lazy\" decoding=\"async\" width=\"598\" height=\"250\" src=\"\/wp-content\/uploads\/sites\/2\/2019\/01\/porto-giunco-1.jpg\" alt=\"\" data-id=\"844\" class=\"wp-image-844\" srcset=\"https:\/\/www.tisenti.com\/it\/wp-content\/uploads\/sites\/2\/2019\/01\/porto-giunco-1.jpg 598w, https:\/\/www.tisenti.com\/it\/wp-content\/uploads\/sites\/2\/2019\/01\/porto-giunco-1-300x125.jpg 300w\" sizes=\"auto, (max-width: 598px) 100vw, 598px\" \/><\/figure><\/li><\/ul><\/figure>\n\n\n\n<h3 class=\"tisenti-header-font tisenti-title wp-block-heading\">Hotel e Ville<\/h3>\n\n\n\n<p>Purtroppo il centro citt\u00e0 e le sue propaggini dirette sono state costruite da vele di appartamenti piuttosto brutte, ma si \u00e8 prestata ancora pi\u00f9 attenzione che le ville lungo le spiagge e gli hotel situati l\u00ec si inseriscano nel paesaggio e corrispondano quindi alla dolce costa. E quindi \u00e8 una fortuna che oggi a Villasimius sia possibile trovare alloggi davvero belli e di buon gusto, direttamente sul mare \u2013 alcune case vacanza particolarmente belle le trovate ovviamente anche da noi.<br><\/p>\n<\/div>\n\n\n\n<div class=\"wp-block-grid-blocks-grid-block-column cell panel small-12 medium-12 large-12 null grid-padding-y\">\n<div style=\"height:46px\" aria-hidden=\"true\" class=\"wp-block-spacer\"><\/div>\n\n\n\n<h2 class=\"wp-block-heading\">Villasimius, nostri consigli<\/h2>\n<\/div>\n\n\n\n<div class=\"wp-block-grid-blocks-grid-block-column cell panel small-12 medium-6 large-3 null grid-padding-y\">\n<h3 class=\"tisenti-header-font tisenti-title wp-block-heading\">Beachbar Delfino<\/h3>\n\n\n\n<p class=\"tipps-bg-beach has-line-height-one extra-padding\"><strong> Stabilimento Delfino<br><\/strong><br>Situato nel punto pi\u00f9 bello dell\u2019ampia spiaggia di Simius, c\u2019\u00e8 tutto ci\u00f2 che il vacanziere desidera. Dalla tradizionale sdraia, a delizioni spuntini e tante cose da noleggio in termine di pedal\u00f2, canoe, ecc. Qui si va al sito <strong><a rel=\"noreferrer noopener\" aria-label=\"web (apre in una nuova scheda)\" href=\"http:\/\/www.delfinoclub.com\/sardiniavillasimius\/\" target=\"_blank\">web<\/a><\/strong>.<\/p>\n<\/div>\n\n\n\n<div class=\"wp-block-grid-blocks-grid-block-column cell panel small-12 medium-6 large-3 null grid-padding-y\">\n<h3 class=\"tisenti-header-font tisenti-title wp-block-heading\">Vini e Aperitivi<\/h3>\n\n\n\n<p class=\"tipps-bg-eat has-line-height-one extra-padding\"><strong>Baccusardus<br><\/strong><br>Chi vuole conoscere la variet\u00e0 di vini sardi e birre artigianali, da Luca e il suo team sono in buone mani. In Via del Mare somministra un sacco di prelibatezze. (Qui andate al <a href=\"https:\/\/www.facebook.com\/baccusardus\/\" target=\"_blank\" rel=\"noreferrer noopener\" aria-label=\"sito facebook (apre in una nuova scheda)\"><strong>sito facebook<\/strong><\/a>).<\/p>\n<\/div>\n\n\n\n<div class=\"wp-block-grid-blocks-grid-block-column cell panel small-12 medium-6 large-3 null grid-padding-y\">\n<h3 class=\"tisenti-header-font tisenti-title wp-block-heading\">Colazioni e pasticcerie<\/h3>\n\n\n\n<p class=\"tipps-bg-eat has-line-height-one extra-padding\"><strong>La Perla<br><\/strong><br>A chi piace lo scenario mattutino tipico italiano intorno a Espresso ecc., trover\u00e0 la location perfetta <a rel=\"noreferrer noopener\" aria-label=\"qui (apre in una nuova scheda)\" href=\"https:\/\/www.google.com\/maps\/dir\/40.3233668,8.4842466\/la+perla+villasimius\/@39.7338804,8.486181,9z\/data=!3m1!4b1!4m9!4m8!1m1!4e1!1m5!1m1!1s0x12e0c25fe3b88f2b:0xeadb5a9ad5c5094c!2m2!1d9.5225038!2d39.1390083\" target=\"_blank\"><strong>qui<\/strong><\/a>. I migliori pasticcini e dolci, in coppia con il balbettio frenetico di una mattina italiana. Top! <\/p>\n<\/div>\n\n\n\n<div class=\"wp-block-grid-blocks-grid-block-column cell panel small-12 medium-6 large-3 null grid-padding-y\">\n<h3 class=\"tisenti-header-font tisenti-title wp-block-heading\">Escursione in barca a vela<\/h3>\n\n\n\n<p class=\"tipps-bg-beach has-line-height-one extra-padding\"><strong>Matilda II<br><\/strong><br>Vale davvero la pena campiare la prospettiva e vedere la bellissima costa di Villasimius dall\u2019acqua. La Matilda \u00e8 una vecchia barca a vela che offre escursioni con pranzo incluso. Le informazioni le trovate<a rel=\"noreferrer noopener\" aria-label=\" qui (apre in una nuova scheda)\" href=\"http:\/\/www.matildacharter.com\/trips.html\" target=\"_blank\"> <\/a><strong><a rel=\"noreferrer noopener\" aria-label=\" qui (apre in una nuova scheda)\" href=\"http:\/\/www.matildacharter.com\/trips.html\" target=\"_blank\">qui<\/a><\/strong>!<\/p>\n<\/div>\n\n\n\n<div class=\"wp-block-grid-blocks-grid-block-column cell panel small-12 medium-6 large-3 null grid-padding-y\">\n<h3 class=\"tisenti-header-font tisenti-title wp-block-heading\">Scuola di Kitesurf<\/h3>\n\n\n\n<p class=\"tipps-bg-sport has-line-height-one extra-padding\"><strong>Kitesurf Sardinia<br><\/strong><br> Secondo le proprie informazioni presenti presso i pi\u00f9 bei Kitespots in Sardegna \u2013 quindi naturalmente anche a Villasimius. Chi vuole imparare l\u2019arte del volo con il Kiteboard, pu\u00f2 scoprire di pi\u00f9 <a rel=\"noreferrer noopener\" aria-label=\"qui (apre in una nuova scheda)\" href=\"https:\/\/www.kitegeneration.com\/kitesurfing-villasimius\/\" target=\"_blank\"><strong>qui<\/strong><\/a>.<\/p>\n<\/div>\n\n\n\n<div class=\"wp-block-grid-blocks-grid-block-column cell panel small-12 medium-6 large-3 null grid-padding-y\">\n<h3 class=\"tisenti-header-font tisenti-title wp-block-heading\">Agriturismo<\/h3>\n\n\n\n<p class=\"tipps-bg-eat has-line-height-one extra-padding\"><strong>Sa Bingia<br><\/strong><br>Saporito buonissimo! In realt\u00e0, Sa Bingia \u00e8 pi\u00f9 un ristorante che un tipico agriturismo. Il cibo e le bevande nondimeno sono molto sarde e deliziose. Prenotare assolutamente un giorno in anticipo! (Imformazioni <a rel=\"noreferrer noopener\" aria-label=\"qui (apre in una nuova scheda)\" href=\"https:\/\/www.google.com\/maps\/place\/Agriturismo+Sa+Bingia+di+Ghiani+Rossano\/@39.152514,9.5104515,15z\/data=!4m5!3m4!1s0x0:0xd2d4c9212c0cad31!8m2!3d39.152514!4d9.5104515\" target=\"_blank\"><strong>qui<\/strong><\/a>).<\/p>\n<\/div>\n\n\n\n<div class=\"wp-block-grid-blocks-grid-block-column cell panel small-12 medium-6 large-3 null grid-padding-y\">\n<h3 class=\"tisenti-header-font tisenti-title wp-block-heading\">Golf * 18<\/h3>\n\n\n\n<p class=\"tipps-bg-sport has-line-height-one extra-padding\"><strong>Tanka Golf<br><\/strong><br>Da quando il Tanka Resort si prende cura del campo \u00e8 tornato alla sua forma originale. Il corso impegnativo vizia con bellissimi panorami sulla costa sud-est. <\/p>\n<\/div>\n\n\n\n<div class=\"wp-block-grid-blocks-grid-block-column cell panel small-12 medium-6 large-3 null grid-padding-y\">\n<h3 class=\"tisenti-header-font tisenti-title wp-block-heading\">Ristorante di pesce e Pizzeria<br><\/h3>\n\n\n\n<p class=\"tipps-bg-eat has-line-height-one extra-padding\"><strong>Santa Maria<br><\/strong><br>Simpatica azienda di famiglia con molta tradizione e le migliori relazioni con i pescatori locali J Pizze, Pesce e Pasta: tutto buono! Qui trovate maggiori <a rel=\"noreferrer noopener\" aria-label=\"informazioni (apre in una nuova scheda)\" href=\"https:\/\/www.google.com\/maps\/place\/Ristorante+Pizzeria+Santa+Maria\/@39.1432404,9.495063,15z\/data=!4m5!3m4!1s0x0:0x57f48bcf5a13b3fb!8m2!3d39.1432404!4d9.495063\" target=\"_blank\"><strong>informazioni<\/strong><\/a>.<strong><br><\/strong><\/p>\n<\/div>\n\n\n<\/div>\n","protected":false},"excerpt":{"rendered":"","protected":false},"author":3,"featured_media":893,"parent":158,"menu_order":0,"comment_status":"closed","ping_status":"closed","template":"","meta":{"footnotes":""},"categories":[],"tags":[],"class_list":["post-395","page","type-page","status-publish","has-post-thumbnail","hentry"],"yoast_head":"<!-- This site is optimized with the Yoast SEO plugin v27.5 - https:\/\/yoast.com\/product\/yoast-seo-wordpress\/ -->\n<title>Villasimius: il cuore turistico del Sud della Sardegna<\/title>\n<meta name=\"description\" content=\"Chi ama le vacanze a Villasimius, ama la variet\u00e0. Cos\u00ec troverete le migliori condizioni per trascorrere giornate rillassate e piacevoli.\" \/>\n<meta name=\"robots\" content=\"index, follow, max-snippet:-1, max-image-preview:large, max-video-preview:-1\" \/>\n<link rel=\"canonical\" href=\"https:\/\/www.tisenti.com\/it\/luoghi\/villasimius\" \/>\n<meta property=\"og:locale\" content=\"it_IT\" \/>\n<meta property=\"og:type\" content=\"article\" \/>\n<meta property=\"og:title\" content=\"Villasimius: il cuore turistico del Sud della Sardegna\" \/>\n<meta property=\"og:description\" content=\"Chi ama le vacanze a Villasimius, ama la variet\u00e0. Cos\u00ec troverete le migliori condizioni per trascorrere giornate rillassate e piacevoli.\" \/>\n<meta property=\"og:url\" content=\"https:\/\/www.tisenti.com\/it\/luoghi\/villasimius\" \/>\n<meta property=\"og:site_name\" content=\"Casa vacance Sardegna - Costa Rei, Villasimius, Torre delle Stelle\" \/>\n<meta property=\"article:modified_time\" content=\"2019-11-20T10:01:45+00:00\" \/>\n<meta property=\"og:image\" content=\"https:\/\/www.tisenti.com\/it\/wp-content\/uploads\/sites\/2\/2019\/01\/sh_15615_511-1.jpg\" \/>\n\t<meta property=\"og:image:width\" content=\"1920\" \/>\n\t<meta property=\"og:image:height\" content=\"560\" \/>\n\t<meta property=\"og:image:type\" content=\"image\/jpeg\" \/>\n<meta name=\"twitter:card\" content=\"summary_large_image\" \/>\n<meta name=\"twitter:label1\" content=\"Tempo di lettura stimato\" \/>\n\t<meta name=\"twitter:data1\" content=\"4 minuti\" \/>\n<script type=\"application\/ld+json\" class=\"yoast-schema-graph\">{\"@context\":\"https:\\\/\\\/schema.org\",\"@graph\":[{\"@type\":\"WebPage\",\"@id\":\"https:\\\/\\\/www.tisenti.com\\\/it\\\/luoghi\\\/villasimius\",\"url\":\"https:\\\/\\\/www.tisenti.com\\\/it\\\/luoghi\\\/villasimius\",\"name\":\"Villasimius: il cuore turistico del Sud della Sardegna\",\"isPartOf\":{\"@id\":\"https:\\\/\\\/www.tisenti.com\\\/it\\\/#website\"},\"primaryImageOfPage\":{\"@id\":\"https:\\\/\\\/www.tisenti.com\\\/it\\\/luoghi\\\/villasimius#primaryimage\"},\"image\":{\"@id\":\"https:\\\/\\\/www.tisenti.com\\\/it\\\/luoghi\\\/villasimius#primaryimage\"},\"thumbnailUrl\":\"https:\\\/\\\/www.tisenti.com\\\/it\\\/wp-content\\\/uploads\\\/sites\\\/2\\\/2019\\\/01\\\/sh_15615_511-1.jpg\",\"datePublished\":\"2018-12-21T15:56:25+00:00\",\"dateModified\":\"2019-11-20T10:01:45+00:00\",\"description\":\"Chi ama le vacanze a Villasimius, ama la variet\u00e0. Cos\u00ec troverete le migliori condizioni per trascorrere giornate rillassate e piacevoli.\",\"breadcrumb\":{\"@id\":\"https:\\\/\\\/www.tisenti.com\\\/it\\\/luoghi\\\/villasimius#breadcrumb\"},\"inLanguage\":\"it-IT\",\"potentialAction\":[{\"@type\":\"ReadAction\",\"target\":[\"https:\\\/\\\/www.tisenti.com\\\/it\\\/luoghi\\\/villasimius\"]}]},{\"@type\":\"ImageObject\",\"inLanguage\":\"it-IT\",\"@id\":\"https:\\\/\\\/www.tisenti.com\\\/it\\\/luoghi\\\/villasimius#primaryimage\",\"url\":\"https:\\\/\\\/www.tisenti.com\\\/it\\\/wp-content\\\/uploads\\\/sites\\\/2\\\/2019\\\/01\\\/sh_15615_511-1.jpg\",\"contentUrl\":\"https:\\\/\\\/www.tisenti.com\\\/it\\\/wp-content\\\/uploads\\\/sites\\\/2\\\/2019\\\/01\\\/sh_15615_511-1.jpg\",\"width\":1920,\"height\":560,\"caption\":\"\"},{\"@type\":\"BreadcrumbList\",\"@id\":\"https:\\\/\\\/www.tisenti.com\\\/it\\\/luoghi\\\/villasimius#breadcrumb\",\"itemListElement\":[{\"@type\":\"ListItem\",\"position\":1,\"name\":\"Startseite\",\"item\":\"https:\\\/\\\/www.tisenti.com\\\/it\\\/\"},{\"@type\":\"ListItem\",\"position\":2,\"name\":\"Benvenuti in Sud-Sardegna!\",\"item\":\"https:\\\/\\\/www.tisenti.com\\\/it\\\/luoghi\"},{\"@type\":\"ListItem\",\"position\":3,\"name\":\"Villasimius\"}]},{\"@type\":\"WebSite\",\"@id\":\"https:\\\/\\\/www.tisenti.com\\\/it\\\/#website\",\"url\":\"https:\\\/\\\/www.tisenti.com\\\/it\\\/\",\"name\":\"Casa vacance Sardegna - Costa Rei, Villasimius, Torre delle Stelle\",\"description\":\"La Vostra agenzia per le case vacanze in Sardegna. Godetevi una vacanza in Sardegna alle spiaggie bellissime di Villasimius, Costa Rei, Geremeas e Torre delle Stelle.\",\"publisher\":{\"@id\":\"https:\\\/\\\/www.tisenti.com\\\/it\\\/#organization\"},\"potentialAction\":[{\"@type\":\"SearchAction\",\"target\":{\"@type\":\"EntryPoint\",\"urlTemplate\":\"https:\\\/\\\/www.tisenti.com\\\/it\\\/?s={search_term_string}\"},\"query-input\":{\"@type\":\"PropertyValueSpecification\",\"valueRequired\":true,\"valueName\":\"search_term_string\"}}],\"inLanguage\":\"it-IT\"},{\"@type\":\"Organization\",\"@id\":\"https:\\\/\\\/www.tisenti.com\\\/it\\\/#organization\",\"name\":\"Casa vacance Sardegna - Costa Rei, Villasimius, Torre delle Stelle\",\"url\":\"https:\\\/\\\/www.tisenti.com\\\/it\\\/\",\"logo\":{\"@type\":\"ImageObject\",\"inLanguage\":\"it-IT\",\"@id\":\"https:\\\/\\\/www.tisenti.com\\\/it\\\/#\\\/schema\\\/logo\\\/image\\\/\",\"url\":\"https:\\\/\\\/www.tisenti.com\\\/it\\\/wp-content\\\/uploads\\\/sites\\\/2\\\/2019\\\/10\\\/logo-tisenti.png\",\"contentUrl\":\"https:\\\/\\\/www.tisenti.com\\\/it\\\/wp-content\\\/uploads\\\/sites\\\/2\\\/2019\\\/10\\\/logo-tisenti.png\",\"caption\":\"Casa vacance Sardegna - Costa Rei, Villasimius, Torre delle Stelle\"},\"image\":{\"@id\":\"https:\\\/\\\/www.tisenti.com\\\/it\\\/#\\\/schema\\\/logo\\\/image\\\/\"}}]}<\/script>\n<!-- \/ Yoast SEO plugin. -->","yoast_head_json":{"title":"Villasimius: il cuore turistico del Sud della Sardegna","description":"Chi ama le vacanze a Villasimius, ama la variet\u00e0. Cos\u00ec troverete le migliori condizioni per trascorrere giornate rillassate e piacevoli.","robots":{"index":"index","follow":"follow","max-snippet":"max-snippet:-1","max-image-preview":"max-image-preview:large","max-video-preview":"max-video-preview:-1"},"canonical":"https:\/\/www.tisenti.com\/it\/luoghi\/villasimius","og_locale":"it_IT","og_type":"article","og_title":"Villasimius: il cuore turistico del Sud della Sardegna","og_description":"Chi ama le vacanze a Villasimius, ama la variet\u00e0. Cos\u00ec troverete le migliori condizioni per trascorrere giornate rillassate e piacevoli.","og_url":"https:\/\/www.tisenti.com\/it\/luoghi\/villasimius","og_site_name":"Casa vacance Sardegna - Costa Rei, Villasimius, Torre delle Stelle","article_modified_time":"2019-11-20T10:01:45+00:00","og_image":[{"width":1920,"height":560,"url":"https:\/\/www.tisenti.com\/it\/wp-content\/uploads\/sites\/2\/2019\/01\/sh_15615_511-1.jpg","type":"image\/jpeg"}],"twitter_card":"summary_large_image","twitter_misc":{"Tempo di lettura stimato":"4 minuti"},"schema":{"@context":"https:\/\/schema.org","@graph":[{"@type":"WebPage","@id":"https:\/\/www.tisenti.com\/it\/luoghi\/villasimius","url":"https:\/\/www.tisenti.com\/it\/luoghi\/villasimius","name":"Villasimius: il cuore turistico del Sud della Sardegna","isPartOf":{"@id":"https:\/\/www.tisenti.com\/it\/#website"},"primaryImageOfPage":{"@id":"https:\/\/www.tisenti.com\/it\/luoghi\/villasimius#primaryimage"},"image":{"@id":"https:\/\/www.tisenti.com\/it\/luoghi\/villasimius#primaryimage"},"thumbnailUrl":"https:\/\/www.tisenti.com\/it\/wp-content\/uploads\/sites\/2\/2019\/01\/sh_15615_511-1.jpg","datePublished":"2018-12-21T15:56:25+00:00","dateModified":"2019-11-20T10:01:45+00:00","description":"Chi ama le vacanze a Villasimius, ama la variet\u00e0. Cos\u00ec troverete le migliori condizioni per trascorrere giornate rillassate e piacevoli.","breadcrumb":{"@id":"https:\/\/www.tisenti.com\/it\/luoghi\/villasimius#breadcrumb"},"inLanguage":"it-IT","potentialAction":[{"@type":"ReadAction","target":["https:\/\/www.tisenti.com\/it\/luoghi\/villasimius"]}]},{"@type":"ImageObject","inLanguage":"it-IT","@id":"https:\/\/www.tisenti.com\/it\/luoghi\/villasimius#primaryimage","url":"https:\/\/www.tisenti.com\/it\/wp-content\/uploads\/sites\/2\/2019\/01\/sh_15615_511-1.jpg","contentUrl":"https:\/\/www.tisenti.com\/it\/wp-content\/uploads\/sites\/2\/2019\/01\/sh_15615_511-1.jpg","width":1920,"height":560,"caption":""},{"@type":"BreadcrumbList","@id":"https:\/\/www.tisenti.com\/it\/luoghi\/villasimius#breadcrumb","itemListElement":[{"@type":"ListItem","position":1,"name":"Startseite","item":"https:\/\/www.tisenti.com\/it\/"},{"@type":"ListItem","position":2,"name":"Benvenuti in Sud-Sardegna!","item":"https:\/\/www.tisenti.com\/it\/luoghi"},{"@type":"ListItem","position":3,"name":"Villasimius"}]},{"@type":"WebSite","@id":"https:\/\/www.tisenti.com\/it\/#website","url":"https:\/\/www.tisenti.com\/it\/","name":"Casa vacance Sardegna - Costa Rei, Villasimius, Torre delle Stelle","description":"La Vostra agenzia per le case vacanze in Sardegna. Godetevi una vacanza in Sardegna alle spiaggie bellissime di Villasimius, Costa Rei, Geremeas e Torre delle Stelle.","publisher":{"@id":"https:\/\/www.tisenti.com\/it\/#organization"},"potentialAction":[{"@type":"SearchAction","target":{"@type":"EntryPoint","urlTemplate":"https:\/\/www.tisenti.com\/it\/?s={search_term_string}"},"query-input":{"@type":"PropertyValueSpecification","valueRequired":true,"valueName":"search_term_string"}}],"inLanguage":"it-IT"},{"@type":"Organization","@id":"https:\/\/www.tisenti.com\/it\/#organization","name":"Casa vacance Sardegna - Costa Rei, Villasimius, Torre delle Stelle","url":"https:\/\/www.tisenti.com\/it\/","logo":{"@type":"ImageObject","inLanguage":"it-IT","@id":"https:\/\/www.tisenti.com\/it\/#\/schema\/logo\/image\/","url":"https:\/\/www.tisenti.com\/it\/wp-content\/uploads\/sites\/2\/2019\/10\/logo-tisenti.png","contentUrl":"https:\/\/www.tisenti.com\/it\/wp-content\/uploads\/sites\/2\/2019\/10\/logo-tisenti.png","caption":"Casa vacance Sardegna - Costa Rei, Villasimius, Torre delle Stelle"},"image":{"@id":"https:\/\/www.tisenti.com\/it\/#\/schema\/logo\/image\/"}}]}},"_links":{"self":[{"href":"https:\/\/www.tisenti.com\/it\/wp-json\/wp\/v2\/pages\/395","targetHints":{"allow":["GET"]}}],"collection":[{"href":"https:\/\/www.tisenti.com\/it\/wp-json\/wp\/v2\/pages"}],"about":[{"href":"https:\/\/www.tisenti.com\/it\/wp-json\/wp\/v2\/types\/page"}],"author":[{"embeddable":true,"href":"https:\/\/www.tisenti.com\/it\/wp-json\/wp\/v2\/users\/3"}],"replies":[{"embeddable":true,"href":"https:\/\/www.tisenti.com\/it\/wp-json\/wp\/v2\/comments?post=395"}],"version-history":[{"count":19,"href":"https:\/\/www.tisenti.com\/it\/wp-json\/wp\/v2\/pages\/395\/revisions"}],"predecessor-version":[{"id":3949,"href":"https:\/\/www.tisenti.com\/it\/wp-json\/wp\/v2\/pages\/395\/revisions\/3949"}],"up":[{"embeddable":true,"href":"https:\/\/www.tisenti.com\/it\/wp-json\/wp\/v2\/pages\/158"}],"wp:featuredmedia":[{"embeddable":true,"href":"https:\/\/www.tisenti.com\/it\/wp-json\/wp\/v2\/media\/893"}],"wp:attachment":[{"href":"https:\/\/www.tisenti.com\/it\/wp-json\/wp\/v2\/media?parent=395"}],"wp:term":[{"taxonomy":"category","embeddable":true,"href":"https:\/\/www.tisenti.com\/it\/wp-json\/wp\/v2\/categories?post=395"},{"taxonomy":"post_tag","embeddable":true,"href":"https:\/\/www.tisenti.com\/it\/wp-json\/wp\/v2\/tags?post=395"}],"curies":[{"name":"wp","href":"https:\/\/api.w.org\/{rel}","templated":true}]}}